{"id":1200,"date":"2024-03-23T17:16:20","date_gmt":"2024-03-23T16:16:20","guid":{"rendered":"https:\/\/niceafrica.eu\/?page_id=1200"},"modified":"2024-11-19T19:17:10","modified_gmt":"2024-11-19T18:17:10","slug":"cap-au-sud","status":"publish","type":"page","link":"https:\/\/niceafrica.eu\/index.php\/cap-au-sud\/","title":{"rendered":"Cap au Sud"},"content":{"rendered":"<p><img data-attachment-id=\"1199\" data-permalink=\"https:\/\/niceafrica.eu\/index.php\/featured-content\/cap-au-sud\/whatsapp-image-2024-03-23-a-16-17-10_a0841baf\/\" data-orig-file=\"https:\/\/i0.wp.com\/niceafrica.eu\/wp-content\/uploads\/2024\/03\/WhatsApp-Image-2024-03-23-a-16.17.10_a0841baf.jpg?fit=673%2C727&amp;ssl=1\" data-orig-size=\"673,727\" data-comments-opened=\"1\" data-image-meta=\"{&quot;aperture&quot;:&quot;0&quot;,&quot;credit&quot;:&quot;&quot;,&quot;camera&quot;:&quot;&quot;,&quot;caption&quot;:&quot;&quot;,&quot;created_timestamp&quot;:&quot;0&quot;,&quot;copyright&quot;:&quot;&quot;,&quot;focal_length&quot;:&quot;0&quot;,&quot;iso&quot;:&quot;0&quot;,&quot;shutter_speed&quot;:&quot;0&quot;,&quot;title&quot;:&quot;&quot;,&quot;orientation&quot;:&quot;0&quot;}\" data-image-title=\"WhatsApp Image 2024-03-23 \u00e0 16.17.10_a0841baf\" data-image-description=\"\" data-image-caption=\"\" data-medium-file=\"https:\/\/i0.wp.com\/niceafrica.eu\/wp-content\/uploads\/2024\/03\/WhatsApp-Image-2024-03-23-a-16.17.10_a0841baf.jpg?fit=231%2C250&amp;ssl=1\" data-large-file=\"https:\/\/i0.wp.com\/niceafrica.eu\/wp-content\/uploads\/2024\/03\/WhatsApp-Image-2024-03-23-a-16.17.10_a0841baf.jpg?fit=673%2C727&amp;ssl=1\" loading=\"lazy\" class=\"size-medium wp-image-1199 alignleft\" src=\"https:\/\/i0.wp.com\/niceafrica.eu\/wp-content\/uploads\/2024\/03\/WhatsApp-Image-2024-03-23-a-16.17.10_a0841baf.jpg?resize=231%2C250&#038;ssl=1\" alt=\"\" width=\"231\" height=\"250\" srcset=\"https:\/\/i0.wp.com\/niceafrica.eu\/wp-content\/uploads\/2024\/03\/WhatsApp-Image-2024-03-23-a-16.17.10_a0841baf.jpg?resize=231%2C250&amp;ssl=1 231w, https:\/\/i0.wp.com\/niceafrica.eu\/wp-content\/uploads\/2024\/03\/WhatsApp-Image-2024-03-23-a-16.17.10_a0841baf.jpg?resize=400%2C432&amp;ssl=1 400w, https:\/\/i0.wp.com\/niceafrica.eu\/wp-content\/uploads\/2024\/03\/WhatsApp-Image-2024-03-23-a-16.17.10_a0841baf.jpg?w=673&amp;ssl=1 673w\" sizes=\"(max-width: 231px) 100vw, 231px\" data-recalc-dims=\"1\" \/>La banque coop\u00e9rative CERA nous a fait l&#8217;honneur de nous choisir comme \u00e9tape dans leur activit\u00e9 annuelle. <img data-attachment-id=\"1211\" data-permalink=\"https:\/\/niceafrica.eu\/index.php\/cap-au-sud\/whatsapp-image-2024-03-23-a-16-17-10_5e699d57\/\" data-orig-file=\"https:\/\/i0.wp.com\/niceafrica.eu\/wp-content\/uploads\/2024\/11\/WhatsApp-Image-2024-03-23-a-16.17.10_5e699d57.jpg?fit=521%2C860&amp;ssl=1\" data-orig-size=\"521,860\" data-comments-opened=\"1\" data-image-meta=\"{&quot;aperture&quot;:&quot;0&quot;,&quot;credit&quot;:&quot;&quot;,&quot;camera&quot;:&quot;&quot;,&quot;caption&quot;:&quot;&quot;,&quot;created_timestamp&quot;:&quot;0&quot;,&quot;copyright&quot;:&quot;&quot;,&quot;focal_length&quot;:&quot;0&quot;,&quot;iso&quot;:&quot;0&quot;,&quot;shutter_speed&quot;:&quot;0&quot;,&quot;title&quot;:&quot;&quot;,&quot;orientation&quot;:&quot;0&quot;}\" data-image-title=\"WhatsApp Image 2024-03-23 \u00e0 16.17.10_5e699d57\" data-image-description=\"\" data-image-caption=\"\" data-medium-file=\"https:\/\/i0.wp.com\/niceafrica.eu\/wp-content\/uploads\/2024\/11\/WhatsApp-Image-2024-03-23-a-16.17.10_5e699d57.jpg?fit=151%2C250&amp;ssl=1\" data-large-file=\"https:\/\/i0.wp.com\/niceafrica.eu\/wp-content\/uploads\/2024\/11\/WhatsApp-Image-2024-03-23-a-16.17.10_5e699d57.jpg?fit=521%2C860&amp;ssl=1\" loading=\"lazy\" class=\"size-medium wp-image-1211 alignleft\" src=\"https:\/\/i0.wp.com\/niceafrica.eu\/wp-content\/uploads\/2024\/11\/WhatsApp-Image-2024-03-23-a-16.17.10_5e699d57.jpg?resize=151%2C250&#038;ssl=1\" alt=\"\" width=\"151\" height=\"250\" srcset=\"https:\/\/i0.wp.com\/niceafrica.eu\/wp-content\/uploads\/2024\/11\/WhatsApp-Image-2024-03-23-a-16.17.10_5e699d57.jpg?resize=151%2C250&amp;ssl=1 151w, https:\/\/i0.wp.com\/niceafrica.eu\/wp-content\/uploads\/2024\/11\/WhatsApp-Image-2024-03-23-a-16.17.10_5e699d57.jpg?resize=400%2C660&amp;ssl=1 400w, https:\/\/i0.wp.com\/niceafrica.eu\/wp-content\/uploads\/2024\/11\/WhatsApp-Image-2024-03-23-a-16.17.10_5e699d57.jpg?w=521&amp;ssl=1 521w\" sizes=\"(max-width: 151px) 100vw, 151px\" data-recalc-dims=\"1\" \/>Cette ann\u00e9e, elle a invit\u00e9 ses soci\u00e9taires \u00e0 visiter dans la capitale quelques endroits illustrant bien le continent au Sud de l&#8217;Europe. <img data-attachment-id=\"1198\" data-permalink=\"https:\/\/niceafrica.eu\/index.php\/featured-content\/cap-au-sud\/whatsapp-image-2024-03-23-a-16-17-10_ee335ca3\/\" data-orig-file=\"https:\/\/i0.wp.com\/niceafrica.eu\/wp-content\/uploads\/2024\/03\/WhatsApp-Image-2024-03-23-a-16.17.10_ee335ca3.jpg?fit=724%2C1044&amp;ssl=1\" data-orig-size=\"724,1044\" data-comments-opened=\"1\" data-image-meta=\"{&quot;aperture&quot;:&quot;0&quot;,&quot;credit&quot;:&quot;&quot;,&quot;camera&quot;:&quot;&quot;,&quot;caption&quot;:&quot;&quot;,&quot;created_timestamp&quot;:&quot;0&quot;,&quot;copyright&quot;:&quot;&quot;,&quot;focal_length&quot;:&quot;0&quot;,&quot;iso&quot;:&quot;0&quot;,&quot;shutter_speed&quot;:&quot;0&quot;,&quot;title&quot;:&quot;&quot;,&quot;orientation&quot;:&quot;0&quot;}\" data-image-title=\"WhatsApp Image 2024-03-23 \u00e0 16.17.10_ee335ca3\" data-image-description=\"\" data-image-caption=\"\" data-medium-file=\"https:\/\/i0.wp.com\/niceafrica.eu\/wp-content\/uploads\/2024\/03\/WhatsApp-Image-2024-03-23-a-16.17.10_ee335ca3.jpg?fit=173%2C250&amp;ssl=1\" data-large-file=\"https:\/\/i0.wp.com\/niceafrica.eu\/wp-content\/uploads\/2024\/03\/WhatsApp-Image-2024-03-23-a-16.17.10_ee335ca3.jpg?fit=710%2C1024&amp;ssl=1\" loading=\"lazy\" class=\"size-medium wp-image-1198 alignleft\" src=\"https:\/\/i0.wp.com\/niceafrica.eu\/wp-content\/uploads\/2024\/03\/WhatsApp-Image-2024-03-23-a-16.17.10_ee335ca3.jpg?resize=173%2C250&#038;ssl=1\" alt=\"\" width=\"173\" height=\"250\" srcset=\"https:\/\/i0.wp.com\/niceafrica.eu\/wp-content\/uploads\/2024\/03\/WhatsApp-Image-2024-03-23-a-16.17.10_ee335ca3.jpg?resize=173%2C250&amp;ssl=1 173w, https:\/\/i0.wp.com\/niceafrica.eu\/wp-content\/uploads\/2024\/03\/WhatsApp-Image-2024-03-23-a-16.17.10_ee335ca3.jpg?resize=710%2C1024&amp;ssl=1 710w, https:\/\/i0.wp.com\/niceafrica.eu\/wp-content\/uploads\/2024\/03\/WhatsApp-Image-2024-03-23-a-16.17.10_ee335ca3.jpg?resize=400%2C577&amp;ssl=1 400w, https:\/\/i0.wp.com\/niceafrica.eu\/wp-content\/uploads\/2024\/03\/WhatsApp-Image-2024-03-23-a-16.17.10_ee335ca3.jpg?w=724&amp;ssl=1 724w\" sizes=\"(max-width: 173px) 100vw, 173px\" data-recalc-dims=\"1\" \/> FK NiceAfrica illustre effectivement bien les couleurs et la cr\u00e9ativit\u00e9 de l&#8217;Afrique.\u00a0 <img data-attachment-id=\"1213\" data-permalink=\"https:\/\/niceafrica.eu\/index.php\/cap-au-sud\/whatsapp-image-2024-03-23-a-16-17-10_37645385\/\" data-orig-file=\"https:\/\/i0.wp.com\/niceafrica.eu\/wp-content\/uploads\/2024\/11\/WhatsApp-Image-2024-03-23-a-16.17.10_37645385.jpg?fit=362%2C460&amp;ssl=1\" data-orig-size=\"362,460\" data-comments-opened=\"1\" data-image-meta=\"{&quot;aperture&quot;:&quot;0&quot;,&quot;credit&quot;:&quot;&quot;,&quot;camera&quot;:&quot;&quot;,&quot;caption&quot;:&quot;&quot;,&quot;created_timestamp&quot;:&quot;0&quot;,&quot;copyright&quot;:&quot;&quot;,&quot;focal_length&quot;:&quot;0&quot;,&quot;iso&quot;:&quot;0&quot;,&quot;shutter_speed&quot;:&quot;0&quot;,&quot;title&quot;:&quot;&quot;,&quot;orientation&quot;:&quot;0&quot;}\" data-image-title=\"WhatsApp Image 2024-03-23 \u00e0 16.17.10_37645385\" data-image-description=\"\" data-image-caption=\"\" data-medium-file=\"https:\/\/i0.wp.com\/niceafrica.eu\/wp-content\/uploads\/2024\/11\/WhatsApp-Image-2024-03-23-a-16.17.10_37645385.jpg?fit=197%2C250&amp;ssl=1\" data-large-file=\"https:\/\/i0.wp.com\/niceafrica.eu\/wp-content\/uploads\/2024\/11\/WhatsApp-Image-2024-03-23-a-16.17.10_37645385.jpg?fit=362%2C460&amp;ssl=1\" loading=\"lazy\" class=\"size-medium wp-image-1213 alignleft\" src=\"https:\/\/i0.wp.com\/niceafrica.eu\/wp-content\/uploads\/2024\/11\/WhatsApp-Image-2024-03-23-a-16.17.10_37645385.jpg?resize=197%2C250&#038;ssl=1\" alt=\"\" width=\"197\" height=\"250\" srcset=\"https:\/\/i0.wp.com\/niceafrica.eu\/wp-content\/uploads\/2024\/11\/WhatsApp-Image-2024-03-23-a-16.17.10_37645385.jpg?resize=197%2C250&amp;ssl=1 197w, https:\/\/i0.wp.com\/niceafrica.eu\/wp-content\/uploads\/2024\/11\/WhatsApp-Image-2024-03-23-a-16.17.10_37645385.jpg?w=362&amp;ssl=1 362w\" sizes=\"(max-width: 197px) 100vw, 197px\" data-recalc-dims=\"1\" \/>De mai \u00e0 fin octobre plusieurs\u00a0 soci\u00e9taires se sont balad\u00e9s dans Bruxelles, guid\u00e9s par les conseils de la CERA.<img data-attachment-id=\"1214\" data-permalink=\"https:\/\/niceafrica.eu\/index.php\/cap-au-sud\/whatsapp-image-2024-11-19-a-18-56-44_41e7c029\/\" data-orig-file=\"https:\/\/i0.wp.com\/niceafrica.eu\/wp-content\/uploads\/2024\/11\/WhatsApp-Image-2024-11-19-a-18.56.44_41e7c029.jpg?fit=740%2C1099&amp;ssl=1\" data-orig-size=\"740,1099\" data-comments-opened=\"1\" data-image-meta=\"{&quot;aperture&quot;:&quot;0&quot;,&quot;credit&quot;:&quot;&quot;,&quot;camera&quot;:&quot;&quot;,&quot;caption&quot;:&quot;&quot;,&quot;created_timestamp&quot;:&quot;0&quot;,&quot;copyright&quot;:&quot;&quot;,&quot;focal_length&quot;:&quot;0&quot;,&quot;iso&quot;:&quot;0&quot;,&quot;shutter_speed&quot;:&quot;0&quot;,&quot;title&quot;:&quot;&quot;,&quot;orientation&quot;:&quot;0&quot;}\" data-image-title=\"WhatsApp Image 2024-11-19 \u00e0 18.56.44_41e7c029\" data-image-description=\"\" data-image-caption=\"\" data-medium-file=\"https:\/\/i0.wp.com\/niceafrica.eu\/wp-content\/uploads\/2024\/11\/WhatsApp-Image-2024-11-19-a-18.56.44_41e7c029.jpg?fit=168%2C250&amp;ssl=1\" data-large-file=\"https:\/\/i0.wp.com\/niceafrica.eu\/wp-content\/uploads\/2024\/11\/WhatsApp-Image-2024-11-19-a-18.56.44_41e7c029.jpg?fit=689%2C1024&amp;ssl=1\" loading=\"lazy\" class=\"size-medium wp-image-1214 alignleft\" src=\"https:\/\/i0.wp.com\/niceafrica.eu\/wp-content\/uploads\/2024\/11\/WhatsApp-Image-2024-11-19-a-18.56.44_41e7c029.jpg?resize=168%2C250&#038;ssl=1\" alt=\"\" width=\"168\" height=\"250\" srcset=\"https:\/\/i0.wp.com\/niceafrica.eu\/wp-content\/uploads\/2024\/11\/WhatsApp-Image-2024-11-19-a-18.56.44_41e7c029.jpg?resize=168%2C250&amp;ssl=1 168w, https:\/\/i0.wp.com\/niceafrica.eu\/wp-content\/uploads\/2024\/11\/WhatsApp-Image-2024-11-19-a-18.56.44_41e7c029.jpg?resize=689%2C1024&amp;ssl=1 689w, https:\/\/i0.wp.com\/niceafrica.eu\/wp-content\/uploads\/2024\/11\/WhatsApp-Image-2024-11-19-a-18.56.44_41e7c029.jpg?resize=400%2C594&amp;ssl=1 400w, https:\/\/i0.wp.com\/niceafrica.eu\/wp-content\/uploads\/2024\/11\/WhatsApp-Image-2024-11-19-a-18.56.44_41e7c029.jpg?w=740&amp;ssl=1 740w\" sizes=\"(max-width: 168px) 100vw, 168px\" data-recalc-dims=\"1\" \/><\/p>\n<p>&nbsp;<\/p>\n<p>&nbsp;<\/p>\n","protected":false},"excerpt":{"rendered":"<p>La banque coop\u00e9rative CERA nous a fait l&#8217;honneur de nous choisir comme \u00e9tape dans leur activit\u00e9 annuelle. Cette ann\u00e9e, elle a invit\u00e9 ses soci\u00e9taires \u00e0 visiter dans la capitale quelques endroits illustrant bien le continent au Sud de l&#8217;Europe. FK NiceAfrica illustre effectivement bien les couleurs et la cr\u00e9ativit\u00e9 de l&#8217;Afrique.\u00a0 De mai \u00e0 fin octobre plusieurs\u00a0 soci\u00e9taires se sont balad\u00e9s dans Bruxelles, guid\u00e9s par les conseils de la CERA. &nbsp; &nbsp;<\/p>\n","protected":false},"author":1,"featured_media":1198,"parent":0,"menu_order":0,"comment_status":"closed","ping_status":"closed","template":"","meta":[],"jetpack_sharing_enabled":true,"jetpack_shortlink":"https:\/\/wp.me\/PaqO43-jm","jetpack-related-posts":[{"id":931,"url":"https:\/\/niceafrica.eu\/index.php\/page-daccueil\/","url_meta":{"origin":1200,"position":0},"title":"L&#8217;Asbl FK Nice Africa","date":"12 d\u00e9cembre 2022","format":false,"excerpt":"FK Niceafrica est une asbl qui a comme but de soutenir des ateliers de couture et de tissage\u00a0 au Burkina Faso en les guidant dans leur recherches pour adapter leur produits aux crit\u00e8res europ\u00e9ens ou internationaux. En finan\u00e7ant, gr\u00e2ce aux ventes au travers de sa boutique, l'am\u00e9lioration de la production\u2026","rel":"","context":"Article similaire","img":{"alt_text":"","src":"https:\/\/i0.wp.com\/niceafrica.eu\/wp-content\/uploads\/2023\/01\/tissage-recadree.jpg?fit=441%2C502&ssl=1&resize=350%2C200","width":350,"height":200},"classes":[]},{"id":786,"url":"https:\/\/niceafrica.eu\/index.php\/remboursements_retours\/","url_meta":{"origin":1200,"position":1},"title":"Politique en mati\u00e8re de remboursements et de retours","date":"3 f\u00e9vrier 2023","format":false,"excerpt":"Notre politique de remboursement et de retour dure 30 jours. Si 30 jours se sont \u00e9coul\u00e9s depuis votre achat, nous ne pouvons pas vous offrir un remboursement complet ou un \u00e9change. Pour \u00eatre admissible \u00e0 un retour, votre article doit \u00eatre inutilis\u00e9 et dans le m\u00eame \u00e9tat que vous l'avez\u2026","rel":"","context":"Article similaire","img":{"alt_text":"","src":"","width":0,"height":0},"classes":[]},{"id":4,"url":"https:\/\/niceafrica.eu\/index.php\/boutique\/","url_meta":{"origin":1200,"position":2},"title":"L&#8217;asbl FK Niceafrica et sa boutique","date":"7 janvier 2023","format":false,"excerpt":"Rendez-vous dans la boutique de l'asbl FK Niceafrica, au Sablon: Rue des Minimes, 38. Quel choix de v\u00eatements, robes, jupes, hauts, tops, bijoux, d\u00e9coration...La rencontre, le toucher, l'essayage, nous vous recevons, dans notre boutique, de fa\u00e7on tout-\u00e0-fait privil\u00e9gi\u00e9e afin de vous faire d\u00e9couvrir le r\u00e9sultat de notre action au Burkina\u2026","rel":"","context":"Article similaire","img":{"alt_text":"","src":"https:\/\/i0.wp.com\/niceafrica.eu\/wp-content\/uploads\/2021\/11\/IMG_2248-rotated.jpg?fit=480%2C640&ssl=1&resize=350%2C200","width":350,"height":200},"classes":[]},{"id":2,"url":"https:\/\/niceafrica.eu\/index.php\/commande\/page-d-exemple\/","url_meta":{"origin":1200,"position":3},"title":"Conditions de vente: Politique de confidentialit\u00e9","date":"7 novembre 2018","format":false,"excerpt":"When shopping, we keep a record of your email and the cart contents for up to 30 days on our server. This record is kept to repopulate the contents of your cart if you switch devices or needed to come back another day. Read our privacy policy here.","rel":"","context":"Article similaire","img":{"alt_text":"","src":"","width":0,"height":0},"classes":[]}],"jetpack_likes_enabled":true,"_links":{"self":[{"href":"https:\/\/niceafrica.eu\/index.php\/wp-json\/wp\/v2\/pages\/1200"}],"collection":[{"href":"https:\/\/niceafrica.eu\/index.php\/wp-json\/wp\/v2\/pages"}],"about":[{"href":"https:\/\/niceafrica.eu\/index.php\/wp-json\/wp\/v2\/types\/page"}],"author":[{"embeddable":true,"href":"https:\/\/niceafrica.eu\/index.php\/wp-json\/wp\/v2\/users\/1"}],"replies":[{"embeddable":true,"href":"https:\/\/niceafrica.eu\/index.php\/wp-json\/wp\/v2\/comments?post=1200"}],"version-history":[{"count":3,"href":"https:\/\/niceafrica.eu\/index.php\/wp-json\/wp\/v2\/pages\/1200\/revisions"}],"predecessor-version":[{"id":1215,"href":"https:\/\/niceafrica.eu\/index.php\/wp-json\/wp\/v2\/pages\/1200\/revisions\/1215"}],"wp:featuredmedia":[{"embeddable":true,"href":"https:\/\/niceafrica.eu\/index.php\/wp-json\/wp\/v2\/media\/1198"}],"wp:attachment":[{"href":"https:\/\/niceafrica.eu\/index.php\/wp-json\/wp\/v2\/media?parent=1200"}],"curies":[{"name":"wp","href":"https:\/\/api.w.org\/{rel}","templated":true}]}}